{"id":173,"date":"2017-09-06T18:13:33","date_gmt":"2017-09-06T16:13:33","guid":{"rendered":"http:\/\/www.brotvermehrer.de\/?page_id=173"},"modified":"2023-09-25T12:12:07","modified_gmt":"2023-09-25T10:12:07","slug":"projekte-2","status":"publish","type":"page","link":"https:\/\/www.brotvermehrer.de\/?page_id=173","title":{"rendered":"Projekte"},"content":{"rendered":"<p><b><i>Aktivit\u00e4ten vor Ort in Deutschland:<\/i><\/b><\/p>\n<p>Bei diversen Veranstaltungen (z.B. Infostand am Sommermarkt des Arbeitskreises Integration in Schopfheim) wurde unser Vorschul- und Gemeindeprojekt vorgestellt.<\/p>\n<p>Neben der Zusendung von Weihnachtspaketen f\u00fcr die Familie der Pastorin (und die Patenkinder), geh\u00f6rt vor allem auch ein regelm\u00e4\u00dfiger Austausch per email, der neben allt\u00e4glichen Problemen und Erz\u00e4hlungen insbesondere der Besprechung der Projekte, sowie die gemeinsame Planung mit Pastorin Letty beinhaltet zu unseren Aktivit\u00e4ten aus Deutschland. Wir versuchen von hier aus beratend und unterst\u00fctzend zu sein. Aufgrund der vielen Anschl\u00e4ge auf christliche Kirchen m\u00fcssen wir auch Mut machen und die Arbeit in einem muslimischen Gebiet durch unsere besondere Unterst\u00fctzung honorieren.<img loading=\"lazy\" decoding=\"async\" class=\"size-medium wp-image-46 alignright\" src=\"http:\/\/www.brotvermehrer.de\/wp-content\/uploads\/2017\/06\/Folie12-300x225.jpg\" alt=\"\" width=\"300\" height=\"225\" srcset=\"https:\/\/www.brotvermehrer.de\/wp-content\/uploads\/2017\/06\/Folie12-300x225.jpg 300w, https:\/\/www.brotvermehrer.de\/wp-content\/uploads\/2017\/06\/Folie12.jpg 720w\" sizes=\"auto, (max-width: 300px) 100vw, 300px\" \/><\/p>\n<p><b><i>Unterst\u00fctzte Projekte<\/i><\/b><\/p>\n<p><b><i>Monatliche Zahlungen:<\/i><\/b><\/p>\n<p>Pastorin Letty Aluoch erh\u00e4lt ein festes Pastorengehalt f\u00fcr ihre Arbeit in der Gemeinde (Unterst\u00fctzung kirchlicher Zwecke laut Satzung), zus\u00e4tzlich werden Kinderpatenschaften von Waisenkinder, die bei Pastorin Letty untergebracht sind, unterhalten (Mitunterst\u00fctzung des Alltagslebens\/Hauses). Weiterhin wird regelm\u00e4\u00dfig das Lehrergehalt sowie Essensgeld f\u00fcr den Vorschulbetrieb \u00fcberwiesen.<\/p>\n<p><b><i>Projekte:<\/i><\/b><\/p>\n<p><b>Schule\/Vorschule:<\/b><\/p>\n<p>2012 wurden diverse Versuche durchgef\u00fchrt, ein geeignetes Modell der \u201eMitfinanzierung\u201c\u00a0 durch die Eltern der Schulkinder zu finden. Manche bezahlten Schulgeb\u00fchren f\u00fcr einige Monate, manche Teile davon und es gab Uneinigkeit und Neiderei zwischen den Eltern. Ein Versuch, nur noch die Kinder zuzulassen, die Schulgeb\u00fchren bezahlt haben, musste als gescheitert angesehen werden, denn eine kontinuierliche Beschulung der Kinder war nicht m\u00f6glich. So wurde im Laufe des Jahres beschlossen, die Lehrer wieder komplett vom Verein zu tragen und die Schule kostenfrei zu machen. Aufgrund der finanziellen Anforderungen zur Finanzierung haben wir das Projekt vorerst auf den Vorschulbetrieb beschr\u00e4nkt (4 Klassen). Diese wurde offiziell registriert und von der Regierung anerkannt.<img loading=\"lazy\" decoding=\"async\" class=\"size-medium wp-image-205 alignright\" src=\"http:\/\/www.brotvermehrer.de\/wp-content\/uploads\/2017\/09\/FullSizeRender-300x225.jpg\" alt=\"\" width=\"300\" height=\"225\" srcset=\"https:\/\/www.brotvermehrer.de\/wp-content\/uploads\/2017\/09\/FullSizeRender-300x225.jpg 300w, https:\/\/www.brotvermehrer.de\/wp-content\/uploads\/2017\/09\/FullSizeRender-768x575.jpg 768w, https:\/\/www.brotvermehrer.de\/wp-content\/uploads\/2017\/09\/FullSizeRender.jpg 1024w\" sizes=\"auto, (max-width: 300px) 100vw, 300px\" \/><\/p>\n<p>Pastorin Letty hat eine Overlock-N\u00e4hmaschine gespendet bekommen, um die Schuluniformen f\u00fcr die Sch\u00fcler selbst zu n\u00e4hen.<\/p>\n<p>Weiterhin musste 2012 ein Klassenzimmer renoviert werden, da es vom Regen in der Regenzeit \u00fcberflutet worden ist und renovierungsbed\u00fcrftig war.<\/p>\n<p>2012 waren weitere staatliche Auflagen gestellt worden, die vom Verein getragen wurden:<\/p>\n<p><img loading=\"lazy\" decoding=\"async\" class=\"size-medium wp-image-174 alignright\" src=\"http:\/\/www.brotvermehrer.de\/wp-content\/uploads\/2017\/09\/Folie18-300x225.jpg\" alt=\"\" width=\"300\" height=\"225\" srcset=\"https:\/\/www.brotvermehrer.de\/wp-content\/uploads\/2017\/09\/Folie18-300x225.jpg 300w, https:\/\/www.brotvermehrer.de\/wp-content\/uploads\/2017\/09\/Folie18.jpg 720w\" sizes=\"auto, (max-width: 300px) 100vw, 300px\" \/><\/p>\n<ul>\n<li>2 weitere Toiletten<\/li>\n<li>ein Spielplatz f\u00fcr die Kinder (Schaukel etc.), sowie entsprechendes Material (B\u00e4lle, Sportger\u00e4te etc.)<\/li>\n<li>die Lehrer und K\u00f6che mussten auf Kosten der Schule untersucht und geimpft werden<\/li>\n<li>ein Schuppen\/Lager f\u00fcr Essen, sowie ein seperater Speiserestem\u00fcllplatz mussten gebaut werden<\/li>\n<\/ul>\n<p>\u00a0<\/p>\n<p><b>Projekt Wasser\/Brunnenbau<\/b><\/p>\n<p>Aufgrund von steigendem Wasserbedarf und der damit einhergehenden hohen Wasserkosten und auch der Hygieneanforderungen an den Vorschulbetrieb (sauberes Wasser als Vorraussetzung zur offiziellen Zulassung), haben wir einen Brunnen gebaut (der Brunnenbau wurde mit einer Spende der Realschule Wehr vom \u201eTag f\u00fcr Afrika\u201c teilfinanziert. Hierbei arbeiten<\/p>\n<p><img loading=\"lazy\" decoding=\"async\" class=\"size-medium wp-image-51 alignright\" src=\"http:\/\/www.brotvermehrer.de\/wp-content\/uploads\/2017\/06\/IMG_1285-300x225.jpg\" alt=\"\" width=\"300\" height=\"225\" srcset=\"https:\/\/www.brotvermehrer.de\/wp-content\/uploads\/2017\/06\/IMG_1285-300x225.jpg 300w, https:\/\/www.brotvermehrer.de\/wp-content\/uploads\/2017\/06\/IMG_1285-768x576.jpg 768w, https:\/\/www.brotvermehrer.de\/wp-content\/uploads\/2017\/06\/IMG_1285-1024x768.jpg 1024w, https:\/\/www.brotvermehrer.de\/wp-content\/uploads\/2017\/06\/IMG_1285.jpg 1280w\" sizes=\"auto, (max-width: 300px) 100vw, 300px\" \/><span style=\"color: initial; font-family: -apple-system, BlinkMacSystemFont, 'Segoe UI', Roboto, Oxygen-Sans, Ubuntu, Cantarell, 'Helvetica Neue', sans-serif; font-size: revert;\">Sch\u00fcler einen Tag lang gegen Spenden, die sie dann an ein wohlt\u00e4tiges Projekt in Afrika weiter geben).<\/span><\/p>\n<p>F\u00fcr den Brunnen musste sehr tief gegraben werden (90 feet). Das war sehr kostspielig und aufwendig. Daf\u00fcr handelt es sich um S\u00fc\u00dfwasser (kein Salzwasser, trotz N\u00e4he zum Meer) und es ist sauber. Im Moment wird das Wasser mit einem Eimer hoch geholt. Dies ist m\u00fchsam und verbraucht viel Zeit. Eine Pumpe w\u00e4re n\u00f6tig und ist ein zuk\u00fcnftiges Projekt f\u00fcr das n\u00e4chste Jahr.<\/p>\n<p>Auch ein Wassertank ist n\u00f6tig, um die Toiletten und den Wasserhahn in der K\u00fcche dauerhaft mit flie\u00dfendem Wasser zu versorgen. Ein \u201eWasserturm\u201c (Dach f\u00fcr den Tank und die Pumpe) steht bereits.\u00a0<\/p>\n<p>Update Mai 2023: Der Tank wurde fertiggestellt.<\/p>\n<p>\u00a0<\/p>\n\n<div class=\"wp-block-image\">\n<figure class=\"alignright size-full is-resized\"><img loading=\"lazy\" decoding=\"async\" src=\"https:\/\/www.brotvermehrer.de\/wp-content\/uploads\/2023\/09\/watertank-1.png\" alt=\"\" class=\"wp-image-419\" style=\"width:213px;height:387px\" width=\"213\" height=\"387\" srcset=\"https:\/\/www.brotvermehrer.de\/wp-content\/uploads\/2023\/09\/watertank-1.png 352w, https:\/\/www.brotvermehrer.de\/wp-content\/uploads\/2023\/09\/watertank-1-165x300.png 165w\" sizes=\"auto, (max-width: 213px) 100vw, 213px\" \/><\/figure><\/div>\n\n\n<figure class=\"wp-block-image size-full is-resized\"><img loading=\"lazy\" decoding=\"async\" src=\"https:\/\/www.brotvermehrer.de\/wp-content\/uploads\/2023\/09\/PHOTO-2023-05-16-15-59-23-1.jpg\" alt=\"\" class=\"wp-image-420\" style=\"width:296px;height:395px\" width=\"296\" height=\"395\" srcset=\"https:\/\/www.brotvermehrer.de\/wp-content\/uploads\/2023\/09\/PHOTO-2023-05-16-15-59-23-1.jpg 600w, https:\/\/www.brotvermehrer.de\/wp-content\/uploads\/2023\/09\/PHOTO-2023-05-16-15-59-23-1-225x300.jpg 225w\" sizes=\"auto, (max-width: 296px) 100vw, 296px\" \/><\/figure>\n","protected":false},"excerpt":{"rendered":"<p>Aktivit\u00e4ten vor Ort in Deutschland: Bei diversen Veranstaltungen (z.B. Infostand am Sommermarkt des Arbeitskreises Integration in Schopfheim) wurde unser Vorschul- und Gemeindeprojekt vorgestellt. Neben der Zusendung von Weihnachtspaketen f\u00fcr die Familie der Pastorin (und die Patenkinder), geh\u00f6rt vor allem auch ein regelm\u00e4\u00dfiger Austausch per email, der neben allt\u00e4glichen Problemen und Erz\u00e4hlungen insbesondere der Besprechung der [&hellip;]<\/p>\n","protected":false},"author":2,"featured_media":0,"parent":0,"menu_order":15,"comment_status":"closed","ping_status":"closed","template":"","meta":{"footnotes":""},"class_list":["post-173","page","type-page","status-publish","hentry"],"_links":{"self":[{"href":"https:\/\/www.brotvermehrer.de\/index.php?rest_route=\/wp\/v2\/pages\/173","targetHints":{"allow":["GET"]}}],"collection":[{"href":"https:\/\/www.brotvermehrer.de\/index.php?rest_route=\/wp\/v2\/pages"}],"about":[{"href":"https:\/\/www.brotvermehrer.de\/index.php?rest_route=\/wp\/v2\/types\/page"}],"author":[{"embeddable":true,"href":"https:\/\/www.brotvermehrer.de\/index.php?rest_route=\/wp\/v2\/users\/2"}],"replies":[{"embeddable":true,"href":"https:\/\/www.brotvermehrer.de\/index.php?rest_route=%2Fwp%2Fv2%2Fcomments&post=173"}],"version-history":[{"count":9,"href":"https:\/\/www.brotvermehrer.de\/index.php?rest_route=\/wp\/v2\/pages\/173\/revisions"}],"predecessor-version":[{"id":422,"href":"https:\/\/www.brotvermehrer.de\/index.php?rest_route=\/wp\/v2\/pages\/173\/revisions\/422"}],"wp:attachment":[{"href":"https:\/\/www.brotvermehrer.de\/index.php?rest_route=%2Fwp%2Fv2%2Fmedia&parent=173"}],"curies":[{"name":"wp","href":"https:\/\/api.w.org\/{rel}","templated":true}]}}